{"id":14857,"date":"2023-06-29T19:46:42","date_gmt":"2023-06-29T17:46:42","guid":{"rendered":"https:\/\/www.munker-interiors.com\/product\/esstisch-daenisch-oval-braun-glatt\/"},"modified":"2023-06-29T19:46:42","modified_gmt":"2023-06-29T17:46:42","slug":"esstisch-daenisch-oval-braun-glatt","status":"publish","type":"product","link":"https:\/\/www.munker-interiors.com\/de\/produkt\/esstisch-daenisch-oval-braun-glatt\/","title":{"rendered":"Esstisch &#8211; D\u00e4nisch oval braun glatt"},"content":{"rendered":"<p>Mit unserem Matrix-Bein ist dieser d\u00e4nische ovale Esstisch eine echte Bereicherung f\u00fcr Ihr Esszimmer. Sein schlichtes und praktisches Design, das sich problemlos mit verschiedenen Esszimmerst\u00fchlen kombinieren l\u00e4sst, macht diesen Tisch zu einem echten Blickfang. Dieser Tisch kommt in einer Vielzahl von Einrichtungsstilen gut zur Geltung. Ein gro\u00dfer Vorteil eines ovalen d\u00e4nischen Tisches ist der einfache Kontakt zu allen Tischg\u00e4sten. Er ist au\u00dferdem aus hochwertigem, massivem Mangoholz gefertigt und hat eine abgeschr\u00e4gte Kante.<\/p>\n","protected":false},"excerpt":{"rendered":"<p>Dieser sch\u00f6ne, braun gef\u00e4rbte, ovale d\u00e4nische Esstisch ist ein wahres Prunkst\u00fcck in Ihrem Wohnzimmer! Die Platte in der Farbe Braun sieht in Ihrem Wohnzimmer sehr elegant aus. Der Esstisch ist aus hochwertigem, massivem Mangoholz gefertigt. Der Esstisch hat au\u00dferdem eine sich verj\u00fcngende Kante.<\/p>\n","protected":false},"featured_media":14862,"comment_status":"open","ping_status":"closed","template":"","meta":{"_acf_changed":false},"product_brand":[],"product_cat":[356,355],"product_tag":[],"class_list":{"0":"post-14857","1":"product","2":"type-product","3":"status-publish","4":"has-post-thumbnail","6":"product_cat-daenisches-oval","7":"product_cat-esstische","8":"tm-no-options","10":"first","11":"instock","12":"sale","13":"taxable","14":"shipping-taxable","15":"purchasable","16":"product-type-variable"},"acf":[],"yoast_head":"<!-- This site is optimized with the Yoast SEO plugin v27.3 - https:\/\/yoast.com\/product\/yoast-seo-wordpress\/ -->\n<title>Esstisch - D\u00e4nisch oval braun glatt - Munker Versteend Hout - D\u00e4nisches Oval<\/title>\n<meta name=\"description\" content=\"Dieser sch\u00f6ne, braun gef\u00e4rbte, ovale d\u00e4nische Esstisch ist ein wahres Prunkst\u00fcck in Ihrem Wohnzimmer! Das Oberteil in der Farbe braun, sieht sehr elegant in Ihrem Wohnzimmer aus\" \/>\n<meta name=\"robots\" content=\"index, follow, max-snippet:-1, max-image-preview:large, max-video-preview:-1\" \/>\n<link rel=\"canonical\" href=\"https:\/\/www.munker-interiors.com\/de\/produkt\/esstisch-daenisch-oval-braun-glatt\/\" \/>\n<meta property=\"og:locale\" content=\"de_DE\" \/>\n<meta property=\"og:type\" content=\"article\" \/>\n<meta property=\"og:title\" content=\"Esstisch - D\u00e4nisch oval braun glatt - Munker Versteend Hout - D\u00e4nisches Oval\" \/>\n<meta property=\"og:description\" content=\"Dieser sch\u00f6ne, braun gef\u00e4rbte, ovale d\u00e4nische Esstisch ist ein wahres Prunkst\u00fcck in Ihrem Wohnzimmer! Das Oberteil in der Farbe braun, sieht sehr elegant in Ihrem Wohnzimmer aus\" \/>\n<meta property=\"og:url\" content=\"https:\/\/www.munker-interiors.com\/de\/produkt\/esstisch-daenisch-oval-braun-glatt\/\" \/>\n<meta property=\"og:site_name\" content=\"Munker Versteend Hout\" \/>\n<meta property=\"og:image\" content=\"https:\/\/www.munker-interiors.com\/wp-content\/uploads\/2023\/06\/186123-2-scaled.jpg\" \/>\n\t<meta property=\"og:image:width\" content=\"2560\" \/>\n\t<meta property=\"og:image:height\" content=\"1920\" \/>\n\t<meta property=\"og:image:type\" content=\"image\/jpeg\" \/>\n<meta name=\"twitter:card\" content=\"summary_large_image\" \/>\n<script type=\"application\/ld+json\" class=\"yoast-schema-graph\">{\"@context\":\"https:\\\/\\\/schema.org\",\"@graph\":[{\"@type\":\"WebPage\",\"@id\":\"https:\\\/\\\/www.munker-interiors.com\\\/de\\\/produkt\\\/esstisch-daenisch-oval-braun-glatt\\\/\",\"url\":\"https:\\\/\\\/www.munker-interiors.com\\\/de\\\/produkt\\\/esstisch-daenisch-oval-braun-glatt\\\/\",\"name\":\"Esstisch - D\u00e4nisch oval braun glatt - Munker Versteend Hout - D\u00e4nisches Oval\",\"isPartOf\":{\"@id\":\"https:\\\/\\\/www.munker-interiors.com\\\/de\\\/#website\"},\"primaryImageOfPage\":{\"@id\":\"https:\\\/\\\/www.munker-interiors.com\\\/de\\\/produkt\\\/esstisch-daenisch-oval-braun-glatt\\\/#primaryimage\"},\"image\":{\"@id\":\"https:\\\/\\\/www.munker-interiors.com\\\/de\\\/produkt\\\/esstisch-daenisch-oval-braun-glatt\\\/#primaryimage\"},\"thumbnailUrl\":\"https:\\\/\\\/www.munker-interiors.com\\\/wp-content\\\/uploads\\\/2023\\\/06\\\/186123-2-scaled.jpg\",\"datePublished\":\"2023-06-29T17:46:42+00:00\",\"description\":\"Dieser sch\u00f6ne, braun gef\u00e4rbte, ovale d\u00e4nische Esstisch ist ein wahres Prunkst\u00fcck in Ihrem Wohnzimmer! Das Oberteil in der Farbe braun, sieht sehr elegant in Ihrem Wohnzimmer aus\",\"breadcrumb\":{\"@id\":\"https:\\\/\\\/www.munker-interiors.com\\\/de\\\/produkt\\\/esstisch-daenisch-oval-braun-glatt\\\/#breadcrumb\"},\"inLanguage\":\"de\",\"potentialAction\":[{\"@type\":\"ReadAction\",\"target\":[\"https:\\\/\\\/www.munker-interiors.com\\\/de\\\/produkt\\\/esstisch-daenisch-oval-braun-glatt\\\/\"]}]},{\"@type\":\"ImageObject\",\"inLanguage\":\"de\",\"@id\":\"https:\\\/\\\/www.munker-interiors.com\\\/de\\\/produkt\\\/esstisch-daenisch-oval-braun-glatt\\\/#primaryimage\",\"url\":\"https:\\\/\\\/www.munker-interiors.com\\\/wp-content\\\/uploads\\\/2023\\\/06\\\/186123-2-scaled.jpg\",\"contentUrl\":\"https:\\\/\\\/www.munker-interiors.com\\\/wp-content\\\/uploads\\\/2023\\\/06\\\/186123-2-scaled.jpg\",\"width\":2560,\"height\":1920},{\"@type\":\"BreadcrumbList\",\"@id\":\"https:\\\/\\\/www.munker-interiors.com\\\/de\\\/produkt\\\/esstisch-daenisch-oval-braun-glatt\\\/#breadcrumb\",\"itemListElement\":[{\"@type\":\"ListItem\",\"position\":1,\"name\":\"Home\",\"item\":\"https:\\\/\\\/www.munker-interiors.com\\\/de\\\/\"},{\"@type\":\"ListItem\",\"position\":2,\"name\":\"Winkel\",\"item\":\"https:\\\/\\\/www.munker-interiors.com\\\/nl\\\/winkel\\\/\"},{\"@type\":\"ListItem\",\"position\":3,\"name\":\"Esstisch &#8211; D\u00e4nisch oval braun glatt\"}]},{\"@type\":\"WebSite\",\"@id\":\"https:\\\/\\\/www.munker-interiors.com\\\/de\\\/#website\",\"url\":\"https:\\\/\\\/www.munker-interiors.com\\\/de\\\/\",\"name\":\"Munker Versteend Hout\",\"description\":\"\",\"publisher\":{\"@id\":\"https:\\\/\\\/www.munker-interiors.com\\\/de\\\/#organization\"},\"potentialAction\":[{\"@type\":\"SearchAction\",\"target\":{\"@type\":\"EntryPoint\",\"urlTemplate\":\"https:\\\/\\\/www.munker-interiors.com\\\/de\\\/?s={search_term_string}\"},\"query-input\":{\"@type\":\"PropertyValueSpecification\",\"valueRequired\":true,\"valueName\":\"search_term_string\"}}],\"inLanguage\":\"de\"},{\"@type\":\"Organization\",\"@id\":\"https:\\\/\\\/www.munker-interiors.com\\\/de\\\/#organization\",\"name\":\"Munker Versteend Hout\",\"url\":\"https:\\\/\\\/www.munker-interiors.com\\\/de\\\/\",\"logo\":{\"@type\":\"ImageObject\",\"inLanguage\":\"de\",\"@id\":\"https:\\\/\\\/www.munker-interiors.com\\\/de\\\/#\\\/schema\\\/logo\\\/image\\\/\",\"url\":\"https:\\\/\\\/www.munker-interiors.com\\\/wp-content\\\/uploads\\\/2022\\\/04\\\/vector-01-1-1.svg\",\"contentUrl\":\"https:\\\/\\\/www.munker-interiors.com\\\/wp-content\\\/uploads\\\/2022\\\/04\\\/vector-01-1-1.svg\",\"caption\":\"Munker Versteend Hout\"},\"image\":{\"@id\":\"https:\\\/\\\/www.munker-interiors.com\\\/de\\\/#\\\/schema\\\/logo\\\/image\\\/\"}}]}<\/script>\n<!-- \/ Yoast SEO plugin. -->","yoast_head_json":{"title":"Esstisch - D\u00e4nisch oval braun glatt - Munker Versteend Hout - D\u00e4nisches Oval","description":"Dieser sch\u00f6ne, braun gef\u00e4rbte, ovale d\u00e4nische Esstisch ist ein wahres Prunkst\u00fcck in Ihrem Wohnzimmer! Das Oberteil in der Farbe braun, sieht sehr elegant in Ihrem Wohnzimmer aus","robots":{"index":"index","follow":"follow","max-snippet":"max-snippet:-1","max-image-preview":"max-image-preview:large","max-video-preview":"max-video-preview:-1"},"canonical":"https:\/\/www.munker-interiors.com\/de\/produkt\/esstisch-daenisch-oval-braun-glatt\/","og_locale":"de_DE","og_type":"article","og_title":"Esstisch - D\u00e4nisch oval braun glatt - Munker Versteend Hout - D\u00e4nisches Oval","og_description":"Dieser sch\u00f6ne, braun gef\u00e4rbte, ovale d\u00e4nische Esstisch ist ein wahres Prunkst\u00fcck in Ihrem Wohnzimmer! Das Oberteil in der Farbe braun, sieht sehr elegant in Ihrem Wohnzimmer aus","og_url":"https:\/\/www.munker-interiors.com\/de\/produkt\/esstisch-daenisch-oval-braun-glatt\/","og_site_name":"Munker Versteend Hout","og_image":[{"width":2560,"height":1920,"url":"https:\/\/www.munker-interiors.com\/wp-content\/uploads\/2023\/06\/186123-2-scaled.jpg","type":"image\/jpeg"}],"twitter_card":"summary_large_image","schema":{"@context":"https:\/\/schema.org","@graph":[{"@type":"WebPage","@id":"https:\/\/www.munker-interiors.com\/de\/produkt\/esstisch-daenisch-oval-braun-glatt\/","url":"https:\/\/www.munker-interiors.com\/de\/produkt\/esstisch-daenisch-oval-braun-glatt\/","name":"Esstisch - D\u00e4nisch oval braun glatt - Munker Versteend Hout - D\u00e4nisches Oval","isPartOf":{"@id":"https:\/\/www.munker-interiors.com\/de\/#website"},"primaryImageOfPage":{"@id":"https:\/\/www.munker-interiors.com\/de\/produkt\/esstisch-daenisch-oval-braun-glatt\/#primaryimage"},"image":{"@id":"https:\/\/www.munker-interiors.com\/de\/produkt\/esstisch-daenisch-oval-braun-glatt\/#primaryimage"},"thumbnailUrl":"https:\/\/www.munker-interiors.com\/wp-content\/uploads\/2023\/06\/186123-2-scaled.jpg","datePublished":"2023-06-29T17:46:42+00:00","description":"Dieser sch\u00f6ne, braun gef\u00e4rbte, ovale d\u00e4nische Esstisch ist ein wahres Prunkst\u00fcck in Ihrem Wohnzimmer! Das Oberteil in der Farbe braun, sieht sehr elegant in Ihrem Wohnzimmer aus","breadcrumb":{"@id":"https:\/\/www.munker-interiors.com\/de\/produkt\/esstisch-daenisch-oval-braun-glatt\/#breadcrumb"},"inLanguage":"de","potentialAction":[{"@type":"ReadAction","target":["https:\/\/www.munker-interiors.com\/de\/produkt\/esstisch-daenisch-oval-braun-glatt\/"]}]},{"@type":"ImageObject","inLanguage":"de","@id":"https:\/\/www.munker-interiors.com\/de\/produkt\/esstisch-daenisch-oval-braun-glatt\/#primaryimage","url":"https:\/\/www.munker-interiors.com\/wp-content\/uploads\/2023\/06\/186123-2-scaled.jpg","contentUrl":"https:\/\/www.munker-interiors.com\/wp-content\/uploads\/2023\/06\/186123-2-scaled.jpg","width":2560,"height":1920},{"@type":"BreadcrumbList","@id":"https:\/\/www.munker-interiors.com\/de\/produkt\/esstisch-daenisch-oval-braun-glatt\/#breadcrumb","itemListElement":[{"@type":"ListItem","position":1,"name":"Home","item":"https:\/\/www.munker-interiors.com\/de\/"},{"@type":"ListItem","position":2,"name":"Winkel","item":"https:\/\/www.munker-interiors.com\/nl\/winkel\/"},{"@type":"ListItem","position":3,"name":"Esstisch &#8211; D\u00e4nisch oval braun glatt"}]},{"@type":"WebSite","@id":"https:\/\/www.munker-interiors.com\/de\/#website","url":"https:\/\/www.munker-interiors.com\/de\/","name":"Munker Versteend Hout","description":"","publisher":{"@id":"https:\/\/www.munker-interiors.com\/de\/#organization"},"potentialAction":[{"@type":"SearchAction","target":{"@type":"EntryPoint","urlTemplate":"https:\/\/www.munker-interiors.com\/de\/?s={search_term_string}"},"query-input":{"@type":"PropertyValueSpecification","valueRequired":true,"valueName":"search_term_string"}}],"inLanguage":"de"},{"@type":"Organization","@id":"https:\/\/www.munker-interiors.com\/de\/#organization","name":"Munker Versteend Hout","url":"https:\/\/www.munker-interiors.com\/de\/","logo":{"@type":"ImageObject","inLanguage":"de","@id":"https:\/\/www.munker-interiors.com\/de\/#\/schema\/logo\/image\/","url":"https:\/\/www.munker-interiors.com\/wp-content\/uploads\/2022\/04\/vector-01-1-1.svg","contentUrl":"https:\/\/www.munker-interiors.com\/wp-content\/uploads\/2022\/04\/vector-01-1-1.svg","caption":"Munker Versteend Hout"},"image":{"@id":"https:\/\/www.munker-interiors.com\/de\/#\/schema\/logo\/image\/"}}]}},"_links":{"self":[{"href":"https:\/\/www.munker-interiors.com\/de\/wp-json\/wp\/v2\/product\/14857","targetHints":{"allow":["GET"]}}],"collection":[{"href":"https:\/\/www.munker-interiors.com\/de\/wp-json\/wp\/v2\/product"}],"about":[{"href":"https:\/\/www.munker-interiors.com\/de\/wp-json\/wp\/v2\/types\/product"}],"replies":[{"embeddable":true,"href":"https:\/\/www.munker-interiors.com\/de\/wp-json\/wp\/v2\/comments?post=14857"}],"wp:featuredmedia":[{"embeddable":true,"href":"https:\/\/www.munker-interiors.com\/de\/wp-json\/wp\/v2\/media\/14862"}],"wp:attachment":[{"href":"https:\/\/www.munker-interiors.com\/de\/wp-json\/wp\/v2\/media?parent=14857"}],"wp:term":[{"taxonomy":"product_brand","embeddable":true,"href":"https:\/\/www.munker-interiors.com\/de\/wp-json\/wp\/v2\/product_brand?post=14857"},{"taxonomy":"product_cat","embeddable":true,"href":"https:\/\/www.munker-interiors.com\/de\/wp-json\/wp\/v2\/product_cat?post=14857"},{"taxonomy":"product_tag","embeddable":true,"href":"https:\/\/www.munker-interiors.com\/de\/wp-json\/wp\/v2\/product_tag?post=14857"}],"curies":[{"name":"wp","href":"https:\/\/api.w.org\/{rel}","templated":true}]}}