{"id":15124,"date":"2022-10-01T14:20:58","date_gmt":"2022-10-01T12:20:58","guid":{"rendered":"https:\/\/www.munker-interiors.com\/product\/couchtisch-aus-versteinertem-holz-schwarz-39\/"},"modified":"2022-10-01T14:20:58","modified_gmt":"2022-10-01T12:20:58","slug":"couchtisch-aus-versteinertem-holz-schwarz-39","status":"publish","type":"product","link":"https:\/\/www.munker-interiors.com\/de\/produkt\/couchtisch-aus-versteinertem-holz-schwarz-39\/","title":{"rendered":"Couchtisch aus versteinertem Holz &#8211; schwarz"},"content":{"rendered":"<p>Jedes Mineral erzeugt seine eigene Farbe. Der Prozess des &#8220;Versteinerns&#8221; sorgt daf\u00fcr, dass alle Merkmale wie \u00c4ste, Rinde und Jahresringe des Holzes erhalten bleiben. Jeder F\u00e4ulnisprozess in der fernen Vergangenheit kann zu einer sch\u00f6nen Kristallbildung f\u00fchren, oft in mehreren Farben.<\/p>\n<p>Diese Tische sind nicht f\u00fcr den Au\u00dfenbereich geeignet und k\u00f6nnen mit einem leicht feuchten Tuch gereinigt werden. Wir empfehlen immer die Verwendung von Untersetzern f\u00fcr Ihr Glas mit Getr\u00e4nken und dergleichen.<\/p>\n<p>Auf der Kategorieseite finden Sie eine vollst\u00e4ndige Liste der <a href=\"https:\/\/www.munker-interiors.com\/nl\/categorie\/salontafels\/salontafel-versteend-hout\/\">Couchtische aus versteinertem Holz<\/a>.<\/p>\n","protected":false},"excerpt":{"rendered":"<p>Dieses sch\u00f6ne versteinerte Holzblatt ist bereits Millionen von Jahren alt. Sobald das Holz in den Boden gelangt, beginnt es sich langsam zu zersetzen und die Holzfasern kristallisieren aufgrund der Mineralien im Boden. Das Holz ist also zu einem Fossil geworden. Aufgrund ihrer besonderen Herkunft ist jede Tischplatte ein Unikat mit eigenen Maserungsmerkmalen und Jahresringen. Die H\u00f6he der Sockel betr\u00e4gt 37 cm oder 43 cm, die H\u00f6he des Beistelltisches 60 cm.<\/p>\n","protected":false},"featured_media":3763,"comment_status":"open","ping_status":"closed","template":"","meta":{"_acf_changed":false},"product_brand":[],"product_cat":[339,343],"product_tag":[],"class_list":{"0":"post-15124","1":"product","2":"type-product","3":"status-publish","4":"has-post-thumbnail","6":"product_cat-couchtisch-aus-versteinertem-holz","7":"product_cat-kaffeetisch","8":"tm-has-options","10":"first","11":"outofstock","12":"taxable","13":"shipping-taxable","14":"purchasable","15":"product-type-simple"},"acf":[],"yoast_head":"<!-- This site is optimized with the Yoast SEO plugin v27.3 - https:\/\/yoast.com\/product\/yoast-seo-wordpress\/ -->\n<title>Tisch aus versteinertem Holz bestellen | 45x52cm | Munker Interiors<\/title>\n<meta name=\"description\" content=\"Bestellen Sie einen einj\u00e4hrigen Couchtisch aus versteinertem Holz bei Munker Interiors! Gro\u00dfe Auswahl \u2713Schnelle Lieferung!\" \/>\n<meta name=\"robots\" content=\"index, follow, max-snippet:-1, max-image-preview:large, max-video-preview:-1\" \/>\n<link rel=\"canonical\" href=\"https:\/\/www.munker-interiors.com\/de\/produkt\/couchtisch-aus-versteinertem-holz-schwarz-39\/\" \/>\n<meta property=\"og:locale\" content=\"de_DE\" \/>\n<meta property=\"og:type\" content=\"article\" \/>\n<meta property=\"og:title\" content=\"Tisch aus versteinertem Holz bestellen | 45x52cm | Munker Interiors\" \/>\n<meta property=\"og:description\" content=\"Bestellen Sie einen einj\u00e4hrigen Couchtisch aus versteinertem Holz bei Munker Interiors! Gro\u00dfe Auswahl \u2713Schnelle Lieferung!\" \/>\n<meta property=\"og:url\" content=\"https:\/\/www.munker-interiors.com\/de\/produkt\/couchtisch-aus-versteinertem-holz-schwarz-39\/\" \/>\n<meta property=\"og:site_name\" content=\"Munker Versteend Hout\" \/>\n<meta property=\"og:image\" content=\"https:\/\/www.munker-interiors.com\/wp-content\/uploads\/2022\/10\/img_2698_optimized-1-scaled.jpg\" \/>\n\t<meta property=\"og:image:width\" content=\"1920\" \/>\n\t<meta property=\"og:image:height\" content=\"2560\" \/>\n\t<meta property=\"og:image:type\" content=\"image\/jpeg\" \/>\n<meta name=\"twitter:card\" content=\"summary_large_image\" \/>\n<script type=\"application\/ld+json\" class=\"yoast-schema-graph\">{\"@context\":\"https:\\\/\\\/schema.org\",\"@graph\":[{\"@type\":\"WebPage\",\"@id\":\"https:\\\/\\\/www.munker-interiors.com\\\/de\\\/produkt\\\/couchtisch-aus-versteinertem-holz-schwarz-39\\\/\",\"url\":\"https:\\\/\\\/www.munker-interiors.com\\\/de\\\/produkt\\\/couchtisch-aus-versteinertem-holz-schwarz-39\\\/\",\"name\":\"Tisch aus versteinertem Holz bestellen | 45x52cm | Munker Interiors\",\"isPartOf\":{\"@id\":\"https:\\\/\\\/www.munker-interiors.com\\\/de\\\/#website\"},\"primaryImageOfPage\":{\"@id\":\"https:\\\/\\\/www.munker-interiors.com\\\/de\\\/produkt\\\/couchtisch-aus-versteinertem-holz-schwarz-39\\\/#primaryimage\"},\"image\":{\"@id\":\"https:\\\/\\\/www.munker-interiors.com\\\/de\\\/produkt\\\/couchtisch-aus-versteinertem-holz-schwarz-39\\\/#primaryimage\"},\"thumbnailUrl\":\"https:\\\/\\\/www.munker-interiors.com\\\/wp-content\\\/uploads\\\/2022\\\/10\\\/img_2698_optimized-1-scaled.jpg\",\"datePublished\":\"2022-10-01T12:20:58+00:00\",\"description\":\"Bestellen Sie einen einj\u00e4hrigen Couchtisch aus versteinertem Holz bei Munker Interiors! Gro\u00dfe Auswahl \u2713Schnelle Lieferung!\",\"breadcrumb\":{\"@id\":\"https:\\\/\\\/www.munker-interiors.com\\\/de\\\/produkt\\\/couchtisch-aus-versteinertem-holz-schwarz-39\\\/#breadcrumb\"},\"inLanguage\":\"de\",\"potentialAction\":[{\"@type\":\"ReadAction\",\"target\":[\"https:\\\/\\\/www.munker-interiors.com\\\/de\\\/produkt\\\/couchtisch-aus-versteinertem-holz-schwarz-39\\\/\"]}]},{\"@type\":\"ImageObject\",\"inLanguage\":\"de\",\"@id\":\"https:\\\/\\\/www.munker-interiors.com\\\/de\\\/produkt\\\/couchtisch-aus-versteinertem-holz-schwarz-39\\\/#primaryimage\",\"url\":\"https:\\\/\\\/www.munker-interiors.com\\\/wp-content\\\/uploads\\\/2022\\\/10\\\/img_2698_optimized-1-scaled.jpg\",\"contentUrl\":\"https:\\\/\\\/www.munker-interiors.com\\\/wp-content\\\/uploads\\\/2022\\\/10\\\/img_2698_optimized-1-scaled.jpg\",\"width\":1920,\"height\":2560,\"caption\":\"Couchtisch aus versteinertem Holz\"},{\"@type\":\"BreadcrumbList\",\"@id\":\"https:\\\/\\\/www.munker-interiors.com\\\/de\\\/produkt\\\/couchtisch-aus-versteinertem-holz-schwarz-39\\\/#breadcrumb\",\"itemListElement\":[{\"@type\":\"ListItem\",\"position\":1,\"name\":\"Home\",\"item\":\"https:\\\/\\\/www.munker-interiors.com\\\/de\\\/\"},{\"@type\":\"ListItem\",\"position\":2,\"name\":\"Winkel\",\"item\":\"https:\\\/\\\/www.munker-interiors.com\\\/nl\\\/winkel\\\/\"},{\"@type\":\"ListItem\",\"position\":3,\"name\":\"Couchtisch aus versteinertem Holz &#8211; schwarz\"}]},{\"@type\":\"WebSite\",\"@id\":\"https:\\\/\\\/www.munker-interiors.com\\\/de\\\/#website\",\"url\":\"https:\\\/\\\/www.munker-interiors.com\\\/de\\\/\",\"name\":\"Munker Versteend Hout\",\"description\":\"\",\"publisher\":{\"@id\":\"https:\\\/\\\/www.munker-interiors.com\\\/de\\\/#organization\"},\"potentialAction\":[{\"@type\":\"SearchAction\",\"target\":{\"@type\":\"EntryPoint\",\"urlTemplate\":\"https:\\\/\\\/www.munker-interiors.com\\\/de\\\/?s={search_term_string}\"},\"query-input\":{\"@type\":\"PropertyValueSpecification\",\"valueRequired\":true,\"valueName\":\"search_term_string\"}}],\"inLanguage\":\"de\"},{\"@type\":\"Organization\",\"@id\":\"https:\\\/\\\/www.munker-interiors.com\\\/de\\\/#organization\",\"name\":\"Munker Versteend Hout\",\"url\":\"https:\\\/\\\/www.munker-interiors.com\\\/de\\\/\",\"logo\":{\"@type\":\"ImageObject\",\"inLanguage\":\"de\",\"@id\":\"https:\\\/\\\/www.munker-interiors.com\\\/de\\\/#\\\/schema\\\/logo\\\/image\\\/\",\"url\":\"https:\\\/\\\/www.munker-interiors.com\\\/wp-content\\\/uploads\\\/2022\\\/04\\\/vector-01-1-1.svg\",\"contentUrl\":\"https:\\\/\\\/www.munker-interiors.com\\\/wp-content\\\/uploads\\\/2022\\\/04\\\/vector-01-1-1.svg\",\"caption\":\"Munker Versteend Hout\"},\"image\":{\"@id\":\"https:\\\/\\\/www.munker-interiors.com\\\/de\\\/#\\\/schema\\\/logo\\\/image\\\/\"}}]}<\/script>\n<!-- \/ Yoast SEO plugin. -->","yoast_head_json":{"title":"Tisch aus versteinertem Holz bestellen | 45x52cm | Munker Interiors","description":"Bestellen Sie einen einj\u00e4hrigen Couchtisch aus versteinertem Holz bei Munker Interiors! Gro\u00dfe Auswahl \u2713Schnelle Lieferung!","robots":{"index":"index","follow":"follow","max-snippet":"max-snippet:-1","max-image-preview":"max-image-preview:large","max-video-preview":"max-video-preview:-1"},"canonical":"https:\/\/www.munker-interiors.com\/de\/produkt\/couchtisch-aus-versteinertem-holz-schwarz-39\/","og_locale":"de_DE","og_type":"article","og_title":"Tisch aus versteinertem Holz bestellen | 45x52cm | Munker Interiors","og_description":"Bestellen Sie einen einj\u00e4hrigen Couchtisch aus versteinertem Holz bei Munker Interiors! Gro\u00dfe Auswahl \u2713Schnelle Lieferung!","og_url":"https:\/\/www.munker-interiors.com\/de\/produkt\/couchtisch-aus-versteinertem-holz-schwarz-39\/","og_site_name":"Munker Versteend Hout","og_image":[{"width":1920,"height":2560,"url":"https:\/\/www.munker-interiors.com\/wp-content\/uploads\/2022\/10\/img_2698_optimized-1-scaled.jpg","type":"image\/jpeg"}],"twitter_card":"summary_large_image","schema":{"@context":"https:\/\/schema.org","@graph":[{"@type":"WebPage","@id":"https:\/\/www.munker-interiors.com\/de\/produkt\/couchtisch-aus-versteinertem-holz-schwarz-39\/","url":"https:\/\/www.munker-interiors.com\/de\/produkt\/couchtisch-aus-versteinertem-holz-schwarz-39\/","name":"Tisch aus versteinertem Holz bestellen | 45x52cm | Munker Interiors","isPartOf":{"@id":"https:\/\/www.munker-interiors.com\/de\/#website"},"primaryImageOfPage":{"@id":"https:\/\/www.munker-interiors.com\/de\/produkt\/couchtisch-aus-versteinertem-holz-schwarz-39\/#primaryimage"},"image":{"@id":"https:\/\/www.munker-interiors.com\/de\/produkt\/couchtisch-aus-versteinertem-holz-schwarz-39\/#primaryimage"},"thumbnailUrl":"https:\/\/www.munker-interiors.com\/wp-content\/uploads\/2022\/10\/img_2698_optimized-1-scaled.jpg","datePublished":"2022-10-01T12:20:58+00:00","description":"Bestellen Sie einen einj\u00e4hrigen Couchtisch aus versteinertem Holz bei Munker Interiors! Gro\u00dfe Auswahl \u2713Schnelle Lieferung!","breadcrumb":{"@id":"https:\/\/www.munker-interiors.com\/de\/produkt\/couchtisch-aus-versteinertem-holz-schwarz-39\/#breadcrumb"},"inLanguage":"de","potentialAction":[{"@type":"ReadAction","target":["https:\/\/www.munker-interiors.com\/de\/produkt\/couchtisch-aus-versteinertem-holz-schwarz-39\/"]}]},{"@type":"ImageObject","inLanguage":"de","@id":"https:\/\/www.munker-interiors.com\/de\/produkt\/couchtisch-aus-versteinertem-holz-schwarz-39\/#primaryimage","url":"https:\/\/www.munker-interiors.com\/wp-content\/uploads\/2022\/10\/img_2698_optimized-1-scaled.jpg","contentUrl":"https:\/\/www.munker-interiors.com\/wp-content\/uploads\/2022\/10\/img_2698_optimized-1-scaled.jpg","width":1920,"height":2560,"caption":"Couchtisch aus versteinertem Holz"},{"@type":"BreadcrumbList","@id":"https:\/\/www.munker-interiors.com\/de\/produkt\/couchtisch-aus-versteinertem-holz-schwarz-39\/#breadcrumb","itemListElement":[{"@type":"ListItem","position":1,"name":"Home","item":"https:\/\/www.munker-interiors.com\/de\/"},{"@type":"ListItem","position":2,"name":"Winkel","item":"https:\/\/www.munker-interiors.com\/nl\/winkel\/"},{"@type":"ListItem","position":3,"name":"Couchtisch aus versteinertem Holz &#8211; schwarz"}]},{"@type":"WebSite","@id":"https:\/\/www.munker-interiors.com\/de\/#website","url":"https:\/\/www.munker-interiors.com\/de\/","name":"Munker Versteend Hout","description":"","publisher":{"@id":"https:\/\/www.munker-interiors.com\/de\/#organization"},"potentialAction":[{"@type":"SearchAction","target":{"@type":"EntryPoint","urlTemplate":"https:\/\/www.munker-interiors.com\/de\/?s={search_term_string}"},"query-input":{"@type":"PropertyValueSpecification","valueRequired":true,"valueName":"search_term_string"}}],"inLanguage":"de"},{"@type":"Organization","@id":"https:\/\/www.munker-interiors.com\/de\/#organization","name":"Munker Versteend Hout","url":"https:\/\/www.munker-interiors.com\/de\/","logo":{"@type":"ImageObject","inLanguage":"de","@id":"https:\/\/www.munker-interiors.com\/de\/#\/schema\/logo\/image\/","url":"https:\/\/www.munker-interiors.com\/wp-content\/uploads\/2022\/04\/vector-01-1-1.svg","contentUrl":"https:\/\/www.munker-interiors.com\/wp-content\/uploads\/2022\/04\/vector-01-1-1.svg","caption":"Munker Versteend Hout"},"image":{"@id":"https:\/\/www.munker-interiors.com\/de\/#\/schema\/logo\/image\/"}}]}},"_links":{"self":[{"href":"https:\/\/www.munker-interiors.com\/de\/wp-json\/wp\/v2\/product\/15124","targetHints":{"allow":["GET"]}}],"collection":[{"href":"https:\/\/www.munker-interiors.com\/de\/wp-json\/wp\/v2\/product"}],"about":[{"href":"https:\/\/www.munker-interiors.com\/de\/wp-json\/wp\/v2\/types\/product"}],"replies":[{"embeddable":true,"href":"https:\/\/www.munker-interiors.com\/de\/wp-json\/wp\/v2\/comments?post=15124"}],"wp:featuredmedia":[{"embeddable":true,"href":"https:\/\/www.munker-interiors.com\/de\/wp-json\/wp\/v2\/media\/3763"}],"wp:attachment":[{"href":"https:\/\/www.munker-interiors.com\/de\/wp-json\/wp\/v2\/media?parent=15124"}],"wp:term":[{"taxonomy":"product_brand","embeddable":true,"href":"https:\/\/www.munker-interiors.com\/de\/wp-json\/wp\/v2\/product_brand?post=15124"},{"taxonomy":"product_cat","embeddable":true,"href":"https:\/\/www.munker-interiors.com\/de\/wp-json\/wp\/v2\/product_cat?post=15124"},{"taxonomy":"product_tag","embeddable":true,"href":"https:\/\/www.munker-interiors.com\/de\/wp-json\/wp\/v2\/product_tag?post=15124"}],"curies":[{"name":"wp","href":"https:\/\/api.w.org\/{rel}","templated":true}]}}